{"id":7400,"date":"2019-02-14T20:43:59","date_gmt":"2019-02-14T18:43:59","guid":{"rendered":"http:\/\/www.velehrad.org.uk\/?page_id=7400"},"modified":"2025-11-06T22:18:49","modified_gmt":"2025-11-06T20:18:49","slug":"ceske-mse","status":"publish","type":"page","link":"http:\/\/www.velehrad.org.uk\/?page_id=7400","title":{"rendered":"\u010cesk\u00e9 m\u0161e"},"content":{"rendered":"\n<h2 class=\"wp-block-heading\">M\u0161e na Velehrad\u011b v roce 2025\/2026<\/h2>\n\n\n\n<p><strong>Ned\u011ble 29. b\u0159ezna 2026<\/strong> \u2013 Kv\u011btn\u00e1 ned\u011ble<\/p>\n\n\n\n<p><strong>Ned\u011ble 5. \u0159\u00edjna 2025<\/strong> \u2013 svatov\u00e1clavsk\u00e1<\/p>\n\n\n\n<p><strong>Ned\u011ble 9. listopadu <\/strong>\u2013 sv\u00e1tek posv\u011bcen\u00ed Later\u00e1nsk\u00e9 baziliky<\/p>\n\n\n\n<p><strong>Ned\u011ble 7. prosince<\/strong> \u2013 2. ned\u011ble adventn\u00ed<\/p>\n\n\n\n<p><strong>Ned\u011ble 8. \u00fanora 2026<\/strong> \u2013 5. ned\u011ble v mezidob\u00ed<\/p>\n\n\n\n<p><strong>Ned\u011ble 1. b\u0159ezna 2026<\/strong> \u2013 2. ned\u011ble postn\u00ed<\/p>\n\n\n\n<p><strong>Ned\u011ble 26. dubna 2026 <\/strong>\u2013 4. ned\u011ble velikono\u010dn\u00ed<\/p>\n\n\n\n<p><strong>Ned\u011ble 24. kv\u011btna 2026<\/strong> \u2013 Slavnost sesl\u00e1n\u00ed Ducha sv. + setk\u00e1n\u00ed svatoj\u00e1nsk\u00e9??<\/p>\n\n\n\n<p><strong>Ned\u011ble 14. \u010dervna 2026<\/strong> \u2013 11. ned\u011ble v mezidob\u00ed<\/p>\n\n\n\n<figure class=\"wp-block-image size-large\"><a href=\"http:\/\/www.velehrad.org.uk\/wp-content\/uploads\/2022\/10\/IMG_0777-scaled.jpeg\"><img loading=\"lazy\" decoding=\"async\" width=\"644\" height=\"483\" src=\"http:\/\/www.velehrad.org.uk\/wp-content\/uploads\/2022\/10\/IMG_0777-644x483.jpeg\" alt=\"\" class=\"wp-image-8577\" srcset=\"http:\/\/www.velehrad.org.uk\/wp-content\/uploads\/2022\/10\/IMG_0777-644x483.jpeg 644w, http:\/\/www.velehrad.org.uk\/wp-content\/uploads\/2022\/10\/IMG_0777-300x225.jpeg 300w, http:\/\/www.velehrad.org.uk\/wp-content\/uploads\/2022\/10\/IMG_0777-768x576.jpeg 768w, http:\/\/www.velehrad.org.uk\/wp-content\/uploads\/2022\/10\/IMG_0777-1536x1152.jpeg 1536w, http:\/\/www.velehrad.org.uk\/wp-content\/uploads\/2022\/10\/IMG_0777-2048x1536.jpeg 2048w\" sizes=\"auto, (max-width: 644px) 100vw, 644px\" \/><\/a><\/figure>\n\n\n\n<p><\/p>\n","protected":false},"excerpt":{"rendered":"<p>M\u0161e na Velehrad\u011b v roce 2025\/2026 Ned\u011ble 29. b\u0159ezna 2026 \u2013 Kv\u011btn\u00e1 ned\u011ble Ned\u011ble 5. \u0159\u00edjna 2025 \u2013 svatov\u00e1clavsk\u00e1 Ned\u011ble 9. listopadu \u2013 sv\u00e1tek posv\u011bcen\u00ed Later\u00e1nsk\u00e9 baziliky Ned\u011ble 7. prosince \u2013 2. ned\u011ble adventn\u00ed Ned\u011ble 8. \u00fanora 2026 \u2013 5. ned\u011ble v mezidob\u00ed Ned\u011ble 1. b\u0159ezna&hellip; <a class=\"read-more-link\" href=\"http:\/\/www.velehrad.org.uk\/?page_id=7400\">\u010ct\u011bte v\u00edce<\/a><\/p>\n","protected":false},"author":1,"featured_media":0,"parent":0,"menu_order":0,"comment_status":"closed","ping_status":"closed","template":"","meta":{"ngg_post_thumbnail":0,"footnotes":"[]"},"class_list":["post-7400","page","type-page","status-publish","hentry"],"post_mailing_queue_ids":[],"_links":{"self":[{"href":"http:\/\/www.velehrad.org.uk\/index.php?rest_route=\/wp\/v2\/pages\/7400","targetHints":{"allow":["GET"]}}],"collection":[{"href":"http:\/\/www.velehrad.org.uk\/index.php?rest_route=\/wp\/v2\/pages"}],"about":[{"href":"http:\/\/www.velehrad.org.uk\/index.php?rest_route=\/wp\/v2\/types\/page"}],"author":[{"embeddable":true,"href":"http:\/\/www.velehrad.org.uk\/index.php?rest_route=\/wp\/v2\/users\/1"}],"replies":[{"embeddable":true,"href":"http:\/\/www.velehrad.org.uk\/index.php?rest_route=%2Fwp%2Fv2%2Fcomments&post=7400"}],"version-history":[{"count":41,"href":"http:\/\/www.velehrad.org.uk\/index.php?rest_route=\/wp\/v2\/pages\/7400\/revisions"}],"predecessor-version":[{"id":8931,"href":"http:\/\/www.velehrad.org.uk\/index.php?rest_route=\/wp\/v2\/pages\/7400\/revisions\/8931"}],"wp:attachment":[{"href":"http:\/\/www.velehrad.org.uk\/index.php?rest_route=%2Fwp%2Fv2%2Fmedia&parent=7400"}],"curies":[{"name":"wp","href":"https:\/\/api.w.org\/{rel}","templated":true}]}}